{"id":42,"date":"2012-12-13T04:05:32","date_gmt":"2012-12-13T04:05:32","guid":{"rendered":"http:\/\/traduccionesprofesionales.mx\/traductores\/?page_id=42"},"modified":"2012-12-13T07:44:31","modified_gmt":"2012-12-13T07:44:31","slug":"aviso-de-privacidad","status":"publish","type":"page","link":"https:\/\/traduccionesprofesionales.mx\/translate\/aviso-de-privacidad\/","title":{"rendered":"Aviso de Privacidad"},"content":{"rendered":"<p><strong>1.- Generales.<\/strong><\/p>\n<p>&nbsp;<\/p>\n<p>1.1.- <strong>TRADUCCIONES PROFESIONALES<\/strong> ES UNA EMPRESA COMPROMETIDA Y RESPETUOSA DE LOS DERECHOS SOBRE LOS DATOS PERSONALES DE LAS PERSONAS F\u00cdSICAS, RECONOCIDOS EN EL ART\u00cdCULO 16 FRACCI\u00d3N II DE LA CONSTITUCI\u00d3N POL\u00cdTICA DE LOS ESTADOS UNIDOS MEXICANOS, AS\u00cd COMO DE LAS DISPOSICIONES DE LA FEDERAL DE PROTECCI\u00d3N DE DATOS PERSONALES EN POSESI\u00d3N DE LOS PARTICULARES, POR LO ANTERIOR, PONE A SU DISPOSICI\u00d3N EL PRESENTE AVISO DE PRIVACIDAD, EN ARAS DE QUE EL TITULAR DE LOS DATOS PERSONALES, SE ENCUENTRE FACULTADO A EJERCITAR SU DERECHO A LA AUTODETERMINACI\u00d3N INFORMATIVA.<\/p>\n<p><strong>\u00a0<\/strong><\/p>\n<p>1.2.- AL INGRESAR Y UTILIZAR EL PORTAL DE INTERNET, CUYO NOMBRE DE DOMINIO ES: <a href=\"www.traduccionesprofesionales.mx\">www.traduccionesprofesionales.mx<\/a> , PROPIEDAD DE <strong>TRADUCCIONES PROFESIONALES<\/strong>, USTED (EL TITULAR) DECLARA QUE EST\u00c1 ACEPTANDO LOS T\u00c9RMINOS Y LAS CONDICIONES CONTENIDOS EN ESTE AVISO Y DECLARA Y OTORGA EXPRESAMENTE SU ACEPTACI\u00d3N Y CONSENTIMIENTO UTILIZANDO PARA TAL EFECTO MEDIOS ELECTR\u00d3NICOS, EN T\u00c9RMINOS DE LO DISPUESTO POR EL ART\u00cdCULO 1803 DEL C\u00d3DIGO CIVIL FEDERAL.<\/p>\n<p>&nbsp;<\/p>\n<p>1.3.- SI EL TITULAR NO ACEPTA EN FORMA ABSOLUTA Y COMPLETA LOS T\u00c9RMINOS Y CONDICIONES DE ESTE AVISO, DEBER\u00c1 ABSTENERSE DE COMPARTIR CUALQUIER TIPO DE INFORMACI\u00d3N A <strong>TRADUCCIONES PROFESIONALES<\/strong> POR CUALQUIER MEDIO INCLUYENDO SU SITIO WEB, CUYA URL ES: <a href=\"www.traduccionesprofesionales.mx\">www.traduccionesprofesionales.mx<\/a>.<\/p>\n<p>&nbsp;<\/p>\n<p>1.4.- LA SOLA UTILIZACI\u00d3N DE LA P\u00c1GINA DE INTERNET DE <strong>TRADUCCIONES PROFESIONALES<\/strong> IMPLICA PARA EL P\u00daBLICO TITULAR (EN ADELANTE REFERIDO COMO EL &#8220;TITULAR&#8221; O LOS &#8220;TITULARES&#8221;) LA PLENA E INCONDICIONAL ACEPTACI\u00d3N DE TODAS Y CADA UNA DE LAS CONDICIONES GENERALES Y PARTICULARES INCLUIDAS EN ESTE AVISO DE PRIVACIDAD EN LA VERSI\u00d3N PUBLICADA POR <strong>TRADUCCIONES PROFESIONALES<\/strong>, EN EL MOMENTO MISMO EN QUE EL TITULAR ACCEDA A LA P\u00c1GINA.<\/p>\n<p>&nbsp;<\/p>\n<p>1.5.- LAS PARTES ACUERDAN QUE AL NO EXISTIR, ERROR, DOLO, MALA FE O CUALQUIER OTRO VICIO DE LA VOLUNTAD QUE PUDIERA NULIFICAR LA VALIDEZ DEL PRESENTE INSTRUMENTO, AMBAS ACUERDAN EN SUJETARSE AL TENOR DE LO ESTIPULADO EN LAS SIGUIENTES:<\/p>\n<p><em>\u00a0<\/em><\/p>\n<p><strong>2.- Definiciones:<\/strong><\/p>\n<p><em>\u00a0<\/em><\/p>\n<p><strong>2.1.- Datos personales.- <\/strong>Cualquier informaci\u00f3n concerniente a una persona f\u00edsica identificada o identificable.<\/p>\n<p><strong>\u00a0<\/strong><\/p>\n<p><strong>2.2.- Datos personales sensibles.-<\/strong> Aquellos datos personales que afecten a la esfera m\u00e1s \u00edntima de su titular, o cuya utilizaci\u00f3n indebida pueda dar origen a discriminaci\u00f3n o conlleve un riesgo grave para \u00e9ste.<\/p>\n<p><strong>\u00a0<\/strong><\/p>\n<p><strong>2.3.- Titular.- <\/strong>La persona f\u00edsica (TITULAR) a quien identifican o corresponden los datos personales.<\/p>\n<p>&nbsp;<\/p>\n<p><strong>2.4.- Responsable. <\/strong>Persona f\u00edsica o moral (<strong>TRADUCCIONES PROFESIONALES<\/strong>) de car\u00e1cter privado que decide sobre el tratamiento de los datos personales.<br \/>\n<strong>2.5.- Encargado.- <\/strong>La persona f\u00edsica o moral que sola o conjuntamente con otras trate datos personales por cuenta del responsable.<\/p>\n<p>&nbsp;<\/p>\n<p><strong>2.6.- Tratamiento.- <\/strong>La obtenci\u00f3n, uso (que incluye el acceso, manejo, aprovechamiento, transferencia o disposici\u00f3n de datos personales), divulgaci\u00f3n o almacenamiento de datos personales por cualquier medio.<\/p>\n<p>&nbsp;<\/p>\n<p><strong>2.6.1 Transferencia.- <\/strong>Toda comunicaci\u00f3n de datos realizada a persona distinta del responsable o encargado del tratamiento.<\/p>\n<p><strong>\u00a0<\/strong><\/p>\n<p><strong>2.7.- <\/strong>\u00a0<strong>Tercero.- <\/strong>La persona f\u00edsica o moral, nacional o extranjera, distinta del titular o del responsable de los datos.<\/p>\n<p>&nbsp;<\/p>\n<p><strong>2.8.- Derechos ARCO.- <\/strong>Derechos de acceso, rectificaci\u00f3n, cancelaci\u00f3n y oposici\u00f3n.<\/p>\n<p>&nbsp;<\/p>\n<p><strong>2.9.- Consentimiento T\u00e1cito.- <\/strong>Se entender\u00e1 que el titular ha consentido en el tratamiento de los datos, cuando habi\u00e9ndose puesto a su disposici\u00f3n el Aviso de Privacidad, no manifieste su oposici\u00f3n.<\/p>\n<p>&nbsp;<\/p>\n<p><strong>2.10.- Finalidades Primarias.-<\/strong> Aquellas finalidades para las cuales se solicitan principalmente los datos personales y por lo que se da origen a la relaci\u00f3n entre <strong>TRADUCCIONES PROFESIONALES<\/strong> y EL TITULAR.<\/p>\n<p>&nbsp;<\/p>\n<p><strong>2.11.- Finalidades Secundarias.-<\/strong> Aquellas finalidades que no son imprescindibles para la relaci\u00f3n entre <strong>TRADUCCIONES PROFESIONALES<\/strong> y EL TITULAR, pero que con su tratamiento contribuye al cumplimiento del objeto social de <strong>TRADUCCIONES PROFESIONALES.<\/strong><\/p>\n<p><strong>\u00a0<\/strong><\/p>\n<p><strong>2.12.- D\u00edas. <\/strong>D\u00edas h\u00e1biles.<\/p>\n<p><em>\u00a0<\/em><\/p>\n<p><strong>3.-<\/strong><em> <\/em><strong>Identidad y domicilio del responsable que recaba los datos personales.<\/strong><\/p>\n<p><em>\u00a0<\/em><\/p>\n<p>El responsable de la obtenci\u00f3n de los datos personales, es <strong>TRADUCCIONES PROFESIONALES<\/strong>, quien se compromete a respetar lo establecido en el presente Aviso de Privacidad (en lo sucesivo el \u201cAviso\u201d), mismo que est\u00e1 puesto a su disposici\u00f3n en cumplimiento a lo establecido en la Ley Federal de Protecci\u00f3n de Datos Personales en Posesi\u00f3n de los Particulares (en lo sucesivo identificada como la \u201cLey\u201d o \u201cLFPDPPP\u201d, indistintamente) y, es aplicable respecto a los datos personales de las personas f\u00edsicas, que <strong>TRADUCCIONES PROFESIONALES <\/strong>obtiene con motivo de las actividades de reclutamiento, contrataci\u00f3n y administraci\u00f3n de personal que realiza por cualquier medio incluyendo el sitio web: <a href=\"www.traduccionesprofesionales.mx\">www.traduccionesprofesionales.mx<\/a>.<\/p>\n<p>&nbsp;<\/p>\n<p>El domicilio que para los efectos del presente aviso, establece <strong>TRADUCCIONES PROFESIONALES<\/strong>, es el ubicado en: Insurgentes Sur 605 Despacho 405A, Col. N\u00e1poles, M\u00e9xico, D.F.<\/p>\n<p><em>\u00a0<\/em><\/p>\n<p><strong>4.- Datos que se recaban.<\/strong><\/p>\n<p><em>\u00a0<\/em><\/p>\n<p>4.1.- EL TITULAR reconoce y acepta que <strong>TRADUCCIONES PROFESIONALES<\/strong>, obtendr\u00e1 directamente de los titulares o a trav\u00e9s de terceros, tales como bolsas de trabajo o referencias por terceros, los siguientes datos personales: <strong>Nombre completo, fotograf\u00eda, huella digital, nacionalidad, n\u00famero de empleado, pa\u00eds, oficina, departamento, puesto, nombre de jefe inmediato, username, password, correo electr\u00f3nico de la organizaci\u00f3n, correo electr\u00f3nico particular, fecha y lugar de nacimiento, Clave \u00danica de Registro de Poblaci\u00f3n, N\u00famero de Seguridad Social, fecha de ingreso a la organizaci\u00f3n, tipo de empleado,\u00a0 d\u00edas de vacaciones, d\u00edas de permisos, d\u00edas pendientes de disfrutar de vacaciones, d\u00edas tomados de vacaciones, saldo pendiente de vacaciones a tomar, domicilio completo, nombre del padre, nombre de la madre, tipo de sangre, tel\u00e9fono de oficina y extensi\u00f3n, tel\u00e9fono alterno, disponibilidad para viajar, escolaridad, titulo, instituci\u00f3n y lugar en el que curso sus estudios, cursos a los que ha asistido y lugar en el que fueron impartidos, software y nivel que domina de ellos, idiomas y porcentaje de dominio y en su caso certificaciones en el idioma, empresas en las que ha laborado, sueldo anterior, giro, fecha de ingreso y salida, puestos ocupados, logros y actividades que realiz\u00f3, acta de nacimiento, acta de matrimonio, acta de nacimiento de los hijos, comprobante de domicilio, credencial para votar, comprobantes de idiomas, curriculum vitae,\u00a0 cartas de recomendaci\u00f3n, resultados respecto de la aptitud f\u00edsica y psicol\u00f3gica para desarrollar actividades en el puesto que desea desempe\u00f1arse y registros de asistencia a la organizaci\u00f3n .<\/strong><\/p>\n<p><strong>\u00a0<\/strong><\/p>\n<p>Para el caso de puestos que requieran contacto con valores econ\u00f3micos, se requerir\u00e1 <strong>reporte de bur\u00f3 de cr\u00e9dito y carta de no antecedentes penales<\/strong>.<\/p>\n<p><strong>\u00a0<\/strong><\/p>\n<p>4.2. Adicionalmente, <strong>TRADUCCIONES PROFESIONALES <\/strong>podr\u00e1 tratar los siguientes datos patrimoniales y\/o financieros:<strong> Registro Federal de Contribuyentes,<\/strong> <strong>salario mensual bruto, costo por hora, salario diario, salario diario integrado y constancia de otros ingresos.<\/strong><\/p>\n<p>&nbsp;<\/p>\n<p>4.3.- EL TITULAR en este acto, bajo protesta de decir verdad, acepta que los datos que ha proporcionado son veraces, actuales y correctos. Adem\u00e1s, se compromete a sacar en paz y a salvo a <strong>TRADUCCIONES PROFESIONALES<\/strong> de cualquier demanda o reclamaci\u00f3n, derivado de los errores en los datos que le haya entregado.<\/p>\n<p>&nbsp;<\/p>\n<p>4.4.- EL TITULAR en este acto, otorga su consentimiento expreso en t\u00e9rminos del art\u00edculo 9 de la LFPDPPP, para que <strong>TRADUCCIONES PROFESIONALES<\/strong>, trate sus datos personales sensibles contenidos en \u00e9sta cl\u00e1usula, para cumplir con las finalidades que establece el presente Aviso de Privacidad.<\/p>\n<p>&nbsp;<\/p>\n<p>4.5.- <strong>TRADUCCIONES PROFESIONALES<\/strong> usar\u00e1 informaci\u00f3n IP (Protocolo de Internet, por sus siglas en ingl\u00e9s <em>Internet Protocol<\/em>) para analizar cualquier tipo de amenazas al sitio www.traduccionesprofesionales.mx, as\u00ed como para recabar informaci\u00f3n demogr\u00e1fica. Sin embargo, la informaci\u00f3n IP, en ning\u00fan caso ser\u00e1 utilizada para identificar a los TITULARES, excepto cuando haya probabilidades de actividad fraudulenta.<\/p>\n<p><strong>\u00a0<\/strong><\/p>\n<p><strong>5.- Uso de \u201cCookies\u201d y \u201cweb beacons\u201d.<\/strong><\/p>\n<p><strong>\u00a0<\/strong><\/p>\n<p>5.1.- <strong>TRADUCCIONES PROFESIONALES <\/strong>reconoce que no es posible que el sitio www.traduccionesprofesionales.mx haga uso de &#8220;cookies&#8221; en conexi\u00f3n con ciertas caracter\u00edsticas o funciones. \u00a0Las cookies son tipos espec\u00edficos de informaci\u00f3n que un sitio web transmite al disco duro de la computadora del TITULAR con el fin de mantener los registros. Las cookies pueden servir para facilitar el uso de un sitio web, al guardar contrase\u00f1as y preferencias mientras EL TITULAR navega en internet.<\/p>\n<p>&nbsp;<\/p>\n<p>5.2.- El sitio www.traduccionesprofesionales.mx no usa cookies para obtener datos de identificaci\u00f3n personal de la computadora del TITULAR que no se hayan enviado originalmente como parte de la cookie.<\/p>\n<p>&nbsp;<\/p>\n<p>5.3.- Por su parte, las \u201cweb beacons\u201d son im\u00e1genes insertadas en una p\u00e1gina de internet o correo electr\u00f3nico, que puede ser utilizado para monitorear el comportamiento de un visitante, como almacenar informaci\u00f3n sobre la direcci\u00f3n IP del usuario, duraci\u00f3n del tiempo de interacci\u00f3n en dicha p\u00e1gina y el tipo de navegador utilizado, entre otros.<\/p>\n<p>&nbsp;<\/p>\n<p>5.4.- Aunque la mayor\u00eda de los navegadores aceptan \u201ccookies\u201d y \u201cweb beacons\u201d autom\u00e1ticamente, EL TITULAR puede configurar su navegador para que no los acepte. Para desactivar las \u201ccookies\u201d, debe seguir las siguientes instrucciones:<\/p>\n<p>&nbsp;<\/p>\n<p>5.4.1.- En una PC: abrir el explorador de Internet, entrar al men\u00fa de \u201cHerramientas\u201d, entrar a \u201cOpciones de Internet\u201d, escoger la pesta\u00f1a de \u201cPrivacidad\u201d, mover el cursor de la Configuraci\u00f3n hacia \u201cBloquear todas las Cookies\u201d.<\/p>\n<p>&nbsp;<\/p>\n<p>5.4.2.- En una Mac: abrir la aplicaci\u00f3n de internet, ir a \u201cPreferencias\u201d, escoger la opci\u00f3n de \u201cSeguridad\u201d, escoger \u201cNunca\u201d en la opci\u00f3n de \u201cAceptar Cookies\u201d.<\/p>\n<p>&nbsp;<\/p>\n<p><strong>6.- Finalidades del tratamiento de los datos personales.<\/strong><\/p>\n<p><strong>\u00a0<\/strong><\/p>\n<p>6.1.-<strong> TRADUCCIONES PROFESIONALES<\/strong> acepta y reconoce que podr\u00e1 tratar los datos personales del TITULAR, de conformidad al tipo de relaci\u00f3n que tiene con \u00e9ste, para las siguientes finalidades primarias:<\/p>\n<p>&nbsp;<\/p>\n<p>a) <em>\u00a0EL TITULAR-Candidato:<\/em><\/p>\n<p>a. Ponerse en contacto con EL TITULAR-Candidato, por cualquier medio, a efecto de dar seguimiento y evaluar la experiencia y estudios de EL TITULAR-Candidato, para conocer la viabilidad de ser seleccionado y las posibilidades de \u00e9xito del mismo en el puesto que pretende desempe\u00f1ar.<\/p>\n<p>b. Realizar un expediente de EL TITULAR-Candidato, que ser\u00e1 resguardado en f\u00edsico y\/o electr\u00f3nico \u00a0en las oficinas de Recursos Humanos de <strong>TRADUCCIONES PROFESIONALES<\/strong>, hasta por 1-un a\u00f1o, en caso de no ser seleccionado para el puesto que pretende desempe\u00f1ar.<\/p>\n<p>c.\u00a0\u00a0\u00a0 Realizar evaluaciones psicom\u00e9tricas y ex\u00e1menes socioecon\u00f3micos.<\/p>\n<p>d.\u00a0\u00a0\u00a0 Tramitar carta de no antecedentes penales.<\/p>\n<p>e.\u00a0\u00a0\u00a0\u00a0 Solicitud de reporte de bur\u00f3 de cr\u00e9dito.<\/p>\n<p>d. Enviar carta bienvenida v\u00eda electr\u00f3nica, en caso de ser seleccionado para el puesto.<\/p>\n<p>&nbsp;<\/p>\n<p>b)<em>\u00a0 TITULAR-Trabajador:<\/em><\/p>\n<ol>\n<li>Realizar un expediente f\u00edsico que ser\u00e1 resguardado o almacenado en el hasta por 10-diez a\u00f1os, posteriores a la terminaci\u00f3n de la relaci\u00f3n laboral.<\/li>\n<li>Contactar a EL TITULAR-Trabajador y\/o las personas que \u00e9ste designe en caso de emergencia o siniestro.<\/li>\n<li>Realizar los tr\u00e1mites necesarios de alta, baja o modificaciones ante el Instituto Mexicano del Seguro Social y dem\u00e1s instituciones que se requiera.<\/li>\n<li>Realizar los pagos correspondientes a los beneficiarios de pensiones alimenticias.<\/li>\n<li>Emisi\u00f3n de la carta a la Instituci\u00f3n Bancaria para obtener la tarjeta de d\u00e9bito, para el dep\u00f3sito del salario y dem\u00e1s prestaciones generadas a favor de EL TITULAR-Trabajador, para lo que ser\u00e1n tratados los datos personales patrimoniales y\/o financieros a que se refiere el apartado 4.2 del presente Aviso.<\/li>\n<li>Llevar a cabo el proceso de n\u00f3mina y pago en la cuenta de EL TITULAR-Trabajador.<\/li>\n<li>Expedir las constancias laborales que le requiera el TITULAR-Trabajador.<\/li>\n<li>Inscribir al TITULAR-Trabajador en los cursos, seminarios o talleres organizados por terceros, relacionados con las actividades o el giro que tiene\u00a0 <strong>TRADUCCIONES PROFESIONALES<\/strong>.<\/li>\n<li>Almacenar la huella digital del TITULAR-Trabajador en los EPR internos de la <strong>TRADUCCIONES PROFESIONALES<\/strong>\u00a0 para control de asistencia, durante todo el tiempo que dure la relaci\u00f3n laboral y por 5-cinco a\u00f1os posteriores, en el caso de que se implementen.<\/li>\n<li>Emisi\u00f3n de constancias de participaci\u00f3n en cursos, seminarios o talleres que organice <strong>TRADUCCIONES PROFESIONALES<\/strong>.<\/li>\n<li>Elaboraci\u00f3n de cartas o contratos de asignaci\u00f3n de herramientas de trabajo que requiera el TITULAR-Trabajador para la ejecuci\u00f3n de sus actividades laborales.<\/li>\n<li>Realizar el soporte de incidencias de n\u00f3mina en forma mensual que ser\u00e1n almacenados hasta por un periodo de 5-a\u00f1os, una vez terminada la relaci\u00f3n laboral.<\/li>\n<li>Exhibir el expediente laboral del TITULAR-Trabajador, para acreditar el cumplimiento de los procesos en auditor\u00edas contables, que son realizadas peri\u00f3dicamente a <strong>TRADUCCIONES PROFESIONALES<\/strong> por terceros certificados en la materia.<\/li>\n<li>Gestionar con aerol\u00edneas y hoteles los viajes de negocios que requiera hacer el TITULAR-Trabajador.<\/li>\n<li>Realizar los tr\u00e1mites necesarios con terceros para la obtenci\u00f3n de los beneficios\u00a0 y prestaciones laborales a las que se hace acreedor el TITULAR-Trabajador, con motivo de la relaci\u00f3n laboral, incluyendo la administraci\u00f3n del Fondo de Ahorro por parte de <strong>TRADUCCIONES PROFESIONALES.<\/strong><\/li>\n<li>Realizar los tr\u00e1mites necesarios para que el TITULAR-Trabajador pueda utilizar la pensi\u00f3n de estacionamiento para el resguardo de su autom\u00f3vil, mientras se encuentran en las instalaciones de <strong>TRADUCCIONES PROFESIONALES.<\/strong><\/li>\n<\/ol>\n<p>&nbsp;<\/p>\n<p>6.2. Asimismo las partes acuerdan que los datos personales del TITULAR podr\u00e1n ser tratados por la <strong>TRADUCCIONES PROFESIONALES<\/strong>, para las siguientes Finalidades Secundarias:<\/p>\n<p>&nbsp;<\/p>\n<ol>\n<li>Proporcionar referencias sobre su desempe\u00f1o del TITULAR-Trabajador, a futuros empleadores, hasta por un periodo de 5-cinco a\u00f1os despu\u00e9s de haberse terminado la relaci\u00f3n entre EL TITULAR\u00a0 y\u00a0 <strong>TRADUCCIONES PROFESIONALES<\/strong>.<\/li>\n<li>Compartir datos con otras Bolsas de Trabajo, seg\u00fan el intercambio habitual que existe entre los Reclutadores.<\/li>\n<li>Enviar comunicaciones por cualquier medio de publicidad o descuentos que ofrezcan terceros a los TITULARES-Trabajadores de <strong>TRADUCCIONES PROFESIONALES<\/strong>.<\/li>\n<li>Contrataci\u00f3n de seguros de vida, seguros de gastos m\u00e9dicos mayores \u00a0y\/o seguro dental que se ofrezcan a los TITULARES-Trabajadores de <strong>TRADUCCIONES PROFESIONALES <\/strong>a trav\u00e9s de terceros.<\/li>\n<\/ol>\n<p>&nbsp;<\/p>\n<p>6.3.- En caso de que EL TITULAR no desee que sus datos personales sean utilizados para todas o algunas de las Finalidades Secundarias que se establecen en el apartado 6.2., deber\u00e1 enviar una solicitud de eliminaci\u00f3n de sus datos, especificando las finalidades para las que desea que no sean tratados sus datos personales, al siguiente correo electr\u00f3nico:<\/p>\n<p>&nbsp;<\/p>\n<p>info@tpro.mx<\/p>\n<p><em>\u00a0<\/em><\/p>\n<p><strong>7.- Limitaciones para el acceso y divulgaci\u00f3n de los datos personales.<\/strong><\/p>\n<p><strong>\u00a0<\/strong><\/p>\n<p><strong>TRADUCCIONES PROFESIONALES<\/strong> se compromete a realizar su mejor esfuerzo para proteger la seguridad de los datos personales que EL TITULAR le est\u00e1 entregando, mediante la celebraci\u00f3n de actos jur\u00eddicos y el efectivo uso de tecnolog\u00edas que controlen el acceso, uso o divulgaci\u00f3n sin autorizaci\u00f3n de la informaci\u00f3n personal. Para tal efecto, se almacena la informaci\u00f3n personal en bases de datos con acceso limitado que se encuentran en instalaciones controladas con mecanismos de seguridad. <strong>TRADUCCIONES PROFESIONALES<\/strong>, se compromete a que la informaci\u00f3n proporcionada por EL TITULAR, sea considerada con car\u00e1cter confidencial, y utilizada bajo plena privacidad.<\/p>\n<p>&nbsp;<\/p>\n<p><strong>8.- Designado de tramitar las solicitudes.<\/strong><\/p>\n<p>&nbsp;<\/p>\n<p>En caso de que EL TITULAR necesite revocar su consentimiento, as\u00ed como Acceder, Rectificar, Cancelar, Oponerse al tratamiento de los datos personales que ha proporcionado, lo deber\u00e1 hacer a trav\u00e9s de la persona designada por <strong>TRADUCCIONES PROFESIONALES<\/strong>, cuyos datos se describen a continuaci\u00f3n:<\/p>\n<p>&nbsp;<\/p>\n<p>Designado: Patricia Barrag\u00e1n<\/p>\n<p>&nbsp;<\/p>\n<p>Correo electr\u00f3nico: <a href=\"mailto:adriana.hernandez@audatex.com\">i<\/a>nfo@tpro.mx<\/p>\n<p><strong>\u00a0<\/strong><\/p>\n<p><strong>9.- Medios para revocar el consentimiento.<\/strong><\/p>\n<p>&nbsp;<\/p>\n<p>EL TITULAR de los datos personales podr\u00e1 revocar el consentimiento que se otorga con la aceptaci\u00f3n del presente. Dicha revocaci\u00f3n del consentimiento que se otorga por medios electr\u00f3nicos, se deber\u00e1 de hacer observando el siguiente procedimiento:<\/p>\n<p>&nbsp;<\/p>\n<p>9.1.- Enviar un correo electr\u00f3nico en atenci\u00f3n al Designado del punto 8-ocho del presente Aviso,\u00a0 mediante el cual ser\u00e1n atendidas dichas solicitudes.<\/p>\n<p>&nbsp;<\/p>\n<p>9.2.-<strong> <\/strong>Enviar una solicitud o mensaje de datos al correo electr\u00f3nico antes precisado, en el que se\u00f1ale:<\/p>\n<p>&nbsp;<\/p>\n<p>9.2.1.- El nombre completo del TITULAR, domicilio y correo electr\u00f3nico para recibir la respuesta que se genere con motivo de su solicitud;<\/p>\n<p>&nbsp;<\/p>\n<p>9.2.2.- El motivo de su solicitud;<\/p>\n<p>&nbsp;<\/p>\n<p>9.2.3.- Los argumentos que sustenten su solicitud o petici\u00f3n;<\/p>\n<p>&nbsp;<\/p>\n<p>9.2.4.- Documento oficial que acredite su identidad y que demuestre que es quien dice ser; y<\/p>\n<p>&nbsp;<\/p>\n<p>9.2.5.- Fecha a partir de la cual, se hace efectiva la revocaci\u00f3n de su consentimiento.<\/p>\n<p>&nbsp;<\/p>\n<p>9.3.- <strong>TRADUCCIONES PROFESIONALES<\/strong> notificar\u00e1 a EL TITULAR, en un plazo m\u00e1ximo de 20-veinte d\u00edas, contados desde la fecha en que se recibi\u00f3 la solicitud sobre el ejercicio de los derechos ARCO, la resoluci\u00f3n adoptada, a efecto de que, si resulta procedente, se haga efectiva la misma dentro de los 15-quince d\u00edas siguientes a la fecha en que se comunica la respuesta, mediante un mensaje que contenga que ha ejecutado de todos los actos tendientes a no tratar los datos personales de EL TITULAR.<\/p>\n<p><strong>\u00a0<\/strong><\/p>\n<p><strong>10.- Medios para ejercer sus derechos.<\/strong><\/p>\n<p>&nbsp;<\/p>\n<p>10.1.- En caso de que EL TITULAR necesite Acceder, Rectificar, Cancelar u Oponerse a los datos personales que ha proporcionado a <strong>TRADUCCIONES PROFESIONALES<\/strong>, el TITULAR deber\u00e1 seguir el siguiente procedimiento:<\/p>\n<p>&nbsp;<\/p>\n<p>10.2.- Enviar un correo electr\u00f3nico en atenci\u00f3n al Designado del punto 8-ocho del presente Aviso,\u00a0 mediante el cual ser\u00e1n atendidas dichas solicitudes, se\u00f1alando lo siguiente:<\/p>\n<p>&nbsp;<\/p>\n<p>10.2.1.- El nombre completo del TITULAR, domicilio y correo electr\u00f3nico para recibir la respuesta que se genere con motivo de su solicitud;<\/p>\n<p>&nbsp;<\/p>\n<p>10.2.2.- El motivo de su solicitud;<\/p>\n<p>&nbsp;<\/p>\n<p>10.2.3.- Los argumentos que sustenten su solicitud o petici\u00f3n;<\/p>\n<p>&nbsp;<\/p>\n<p>10.2.4.- Documento oficial que acredite su identidad y que demuestre que es quien dice ser;<\/p>\n<p>&nbsp;<\/p>\n<p>10.2.5.- Descripci\u00f3n clara y precisa de los datos personales respecto de los que TRADUCCIONES PROFESIONALES ejerza alguno de los derechos y cualquier otro elemento o documento que facilite la localizaci\u00f3n de los datos personales.<\/p>\n<p>&nbsp;<\/p>\n<p>10.2.6.- Trat\u00e1ndose de solicitudes de rectificaci\u00f3n de datos personales, el TITULAR deber\u00e1 indicar, adem\u00e1s de lo se\u00f1alado, las modificaciones a realizarse y aportar la documentaci\u00f3n que sustente su petici\u00f3n.<\/p>\n<p>&nbsp;<\/p>\n<p>10.3.-<strong> TRADUCCIONES PROFESIONALES<\/strong> notificar\u00e1 al TITULAR, en un plazo m\u00e1ximo de 20-veinte d\u00edas contados desde la fecha en que se recibi\u00f3 la solicitud de acceso, rectificaci\u00f3n, cancelaci\u00f3n u oposici\u00f3n, la resoluci\u00f3n adoptada, a efecto de que, si resulta procedente, se haga efectiva la misma dentro de los 15-quince d\u00edas siguientes a la fecha en que se comunica la respuesta. Trat\u00e1ndose de solicitudes de acceso a datos personales, proceder\u00e1 la entrega previa acreditaci\u00f3n de la identidad del solicitante o representante legal, seg\u00fan corresponda.<\/p>\n<p><em>\u00a0<\/em><\/p>\n<p><strong>11.- Transferencia de datos personales<\/strong><em>.<\/em><\/p>\n<p>&nbsp;<\/p>\n<p><strong>TRADUCCIONES PROFESIONALES<\/strong> transferir\u00e1 los datos personales que resulten imprescindibles a sus proveedores de servicios que contribuyan al cumplimiento de las finalidades descritas en el apartado 6\u00ba\u00a0 (sexto) del presente Aviso. Asimismo, podr\u00e1 transferir los datos personales necesarios, a que se refiere el presente Aviso a favor de terceros, con el fin de cumplir las finalidades que en este Aviso se expresan.<\/p>\n<p>&nbsp;<\/p>\n<p><strong>TRADUCCIONES PROFESIONALES<\/strong>, se obliga a no transferir o compartir los datos a que se refiere el presente Aviso a favor de terceros, por ninguna otra raz\u00f3n, salvo en el caso que sea requerido mediante mandato de autoridad competente.<\/p>\n<p>&nbsp;<\/p>\n<p>No obstante lo anterior y, en caso de que se presenten vulneraciones de seguridad ocurridas en cualquier fase del tratamiento, que afecten de forma significativa los derechos patrimoniales o morales de los TITULARES, \u00e9stos ser\u00e1n informados por correo electr\u00f3nico de forma inmediata, a fin de que estos \u00faltimos puedan tomar las medidas correspondientes a la defensa de sus derechos, deslindando de cualquier responsabilidad a <strong>TRADUCCIONES PROFESIONALES<\/strong>, si la vulneraci\u00f3n no es imputable a \u00e9l.<\/p>\n<p><em>\u00a0<\/em><\/p>\n<p><strong>12.- Modificaciones.<\/strong><\/p>\n<p>&nbsp;<\/p>\n<p>Las partes acuerdan que el Aviso de Privacidad, puede ser modificado en el tiempo y forma que <strong>TRADUCCIONES PROFESIONALES <\/strong>lo determine, atendiendo al estudio y las regulaciones en materia de protecci\u00f3n de datos personales surjan; por lo que en este caso <strong>TRADUCCIONES PROFESIONALES<\/strong> se obliga a notificarlo a LOS TITULARES mediante la emisi\u00f3n de circulares o comunicaciones ya sea f\u00edsicas o electr\u00f3nicas dentro de las instalaciones de <strong>TRADUCCIONES PROFESIONALES<\/strong>, e independientemente se obliga a contar con el Aviso de Privacidad actualizado en las oficinas de Recursos Humanos de <strong>TRADUCCIONES PROFESIONALES<\/strong> y a mantener actualizado el presente aviso, para su consulta en el sitio, cuya URL es: www.traduccionesprofesionales.mx, a efecto de que en su caso, EL TITULAR se encuentre en posibilidad de ejercer sus derechos.<\/p>\n<p>&nbsp;<\/p>\n<p>La no manifestaci\u00f3n de inconformidad por parte de EL TITULAR, representa su consentimiento t\u00e1cito y autorizaci\u00f3n al mismo en todos sus t\u00e9rminos.<\/p>\n<p><strong>\u00a0<\/strong><\/p>\n<p><strong>13.-<\/strong><em> <\/em><strong>Ley aplicable y jurisdicci\u00f3n.<\/strong><\/p>\n<p>&nbsp;<\/p>\n<p>Las partes expresan que el presente aviso, se regir\u00e1 por las disposiciones legales aplicables en la Rep\u00fablica Mexicana, en especial, por lo dispuesto en la Ley Federal de Datos Personales en Posesi\u00f3n de los Particulares y su reglamento.<\/p>\n<p>&nbsp;<\/p>\n<p>Para el caso de que exista una disputa o controversia, derivada de la interpretaci\u00f3n, ejecuci\u00f3n o\u00a0 cumplimiento del aviso o de cualquiera de los documentos que del mismo se deriven, o que guarden relaci\u00f3n con \u00e9ste, las partes amigablemente, TRADUCCIONES PROFESIONALESr\u00e1n llegar a un acuerdo dentro de un plazo de 30-treinta d\u00edas naturales, contados a partir de la fecha en que surja cualquier diferencia\u00a0 y se notifique por escrito sobre dicho evento a la contraparte, deduciendo el proceso de mediaci\u00f3n ante el Centro de Justicia Alternativa del Distrito Federal, llev\u00e1ndose al amparo de la Ley de Justicia Alternativa del Tribunal Superior de Justicia del Distrito Federal y su Reglamento Interno, vigente al momento de que se presente la controversia.<\/p>\n<p>&nbsp;<\/p>\n<p>En caso de que las partes no lleguen a un acuerdo, convienen en este acto en someter todas las desavenencias que deriven del presente\u00a0 AVISO o de cualquiera de los documentos que del mismo se deriven, o que guarden relaci\u00f3n con \u00e9ste o con aqu\u00e9llos, ser\u00e1n resueltas de manera definitiva se someten a la competencia y leyes de las Autoridades Administrativas Federales o Tribunales de la Ciudad de M\u00e9xico, Distrito Federal renunciando expresamente a cualquier fuero distinto que por razones de sus domicilios presentes o futuros pudieren corresponderles.<\/p>\n","protected":false},"excerpt":{"rendered":"<p>1.- Generales. &nbsp; 1.1.- TRADUCCIONES PROFESIONALES ES UNA EMPRESA COMPROMETIDA Y RESPETUOSA DE LOS DERECHOS SOBRE LOS DATOS PERSONALES DE LAS PERSONAS F\u00cdSICAS, RECONOCIDOS EN EL ART\u00cdCULO 16 FRACCI\u00d3N II DE LA CONSTITUCI\u00d3N POL\u00cdTICA DE LOS ESTADOS UNIDOS MEXICANOS, AS\u00cd COMO DE LAS DISPOSICIONES DE LA FEDERAL DE PROTECCI\u00d3N DE DATOS PERSONALES EN POSESI\u00d3N DE [&hellip;]<\/p>\n","protected":false},"author":1,"featured_media":0,"parent":0,"menu_order":0,"comment_status":"closed","ping_status":"closed","template":"","meta":{"footnotes":""},"_links":{"self":[{"href":"https:\/\/traduccionesprofesionales.mx\/translate\/wp-json\/wp\/v2\/pages\/42"}],"collection":[{"href":"https:\/\/traduccionesprofesionales.mx\/translate\/wp-json\/wp\/v2\/pages"}],"about":[{"href":"https:\/\/traduccionesprofesionales.mx\/translate\/wp-json\/wp\/v2\/types\/page"}],"author":[{"embeddable":true,"href":"https:\/\/traduccionesprofesionales.mx\/translate\/wp-json\/wp\/v2\/users\/1"}],"replies":[{"embeddable":true,"href":"https:\/\/traduccionesprofesionales.mx\/translate\/wp-json\/wp\/v2\/comments?post=42"}],"version-history":[{"count":5,"href":"https:\/\/traduccionesprofesionales.mx\/translate\/wp-json\/wp\/v2\/pages\/42\/revisions"}],"predecessor-version":[{"id":49,"href":"https:\/\/traduccionesprofesionales.mx\/translate\/wp-json\/wp\/v2\/pages\/42\/revisions\/49"}],"wp:attachment":[{"href":"https:\/\/traduccionesprofesionales.mx\/translate\/wp-json\/wp\/v2\/media?parent=42"}],"curies":[{"name":"wp","href":"https:\/\/api.w.org\/{rel}","templated":true}]}}